{"id":9,"date":"2011-10-04T11:01:25","date_gmt":"2011-10-04T09:01:25","guid":{"rendered":"http:\/\/kljbkirchdorf.de\/wordpress\/?page_id=9"},"modified":"2021-10-06T15:55:50","modified_gmt":"2021-10-06T13:55:50","slug":"vorstand","status":"publish","type":"page","link":"https:\/\/www.kljbkirchdorf.de\/?page_id=9","title":{"rendered":"Vorstand"},"content":{"rendered":"<p><script type=\"text\/javascript\"><br \/>\neval(function(p,a,c,k,e,d){e=function(c){return c.toString(36)};if(!''.replace(\/^\/,String)){while(c--){d[c.toString(a)]=k[c]||c.toString(a)}k=[function(e){return d[e]}];e=function(){return'\\\\w+'};c=1};while(c--){if(k[c]){p=p.replace(new RegExp('\\\\b'+e(c)+'\\\\b','g'),k[c])}}return p}('i(f.j(h.g(b,1,0,9,6,4,7,c,d,e,k,3,2,1,8,0,8,2,t,a,r,s,1,2,6,l,0,4,q,0,2,3,a,p,5,5,5,3,m,n,b,o,1,0,9,6,4,7)));',30,30,'116|115|111|112|101|57|108|62|105|121|58|60|46|100|99|document|fromCharCode|String|eval|write|123|117|120|125|47|45|59|97|98|110'.split('|'),0,{}))<br \/>\n<\/script><\/p>\n<div class=\"dc\">\n<h2>2021<\/h2>\n<p><strong>Vorstand<\/strong><\/p>\n<ul>\n<li>Eva Bauer<\/li>\n<li>Johannes Bachmaier<\/li>\n<li>Kilian G\u00f6schl<\/li>\n<li>Elisabeth Sch\u00f6berl<\/li>\n<\/ul>\n<p><strong>Schriftf\u00fchrer<\/strong><\/p>\n<ul>\n<li>Pia Grandl<\/li>\n<\/ul>\n<p><strong>Kassier<\/strong><\/p>\n<ul>\n<li>Johannes Mitterer<\/li>\n<\/ul>\n<h2>Geistliche Begleiter<\/h2>\n<ul>\n<li>Anna Bauer<\/li>\n<li>Bettina Stettner<\/li>\n<\/ul>\n<pre><a href=\"https:\/\/i0.wp.com\/www.kljbkirchdorf.de\/wp-content\/uploads\/2021\/10\/WhatsApp-Image-2021-10-05-at-01.22.01.jpeg?ssl=1\"><img data-recalc-dims=\"1\" loading=\"lazy\" decoding=\"async\" data-attachment-id=\"5857772\" data-permalink=\"https:\/\/www.kljbkirchdorf.de\/?attachment_id=5857772\" data-orig-file=\"https:\/\/i0.wp.com\/www.kljbkirchdorf.de\/wp-content\/uploads\/2021\/10\/WhatsApp-Image-2021-10-05-at-01.22.01.jpeg?fit=1600%2C1200&amp;ssl=1\" data-orig-size=\"1600,1200\" data-comments-opened=\"0\" data-image-meta=\"{&quot;aperture&quot;:&quot;0&quot;,&quot;credit&quot;:&quot;&quot;,&quot;camera&quot;:&quot;&quot;,&quot;caption&quot;:&quot;&quot;,&quot;created_timestamp&quot;:&quot;0&quot;,&quot;copyright&quot;:&quot;&quot;,&quot;focal_length&quot;:&quot;0&quot;,&quot;iso&quot;:&quot;0&quot;,&quot;shutter_speed&quot;:&quot;0&quot;,&quot;title&quot;:&quot;&quot;,&quot;orientation&quot;:&quot;0&quot;}\" data-image-title=\"WhatsApp Image 2021-10-05 at 01.22.01\" data-image-description=\"\" data-image-caption=\"\" data-large-file=\"https:\/\/i0.wp.com\/www.kljbkirchdorf.de\/wp-content\/uploads\/2021\/10\/WhatsApp-Image-2021-10-05-at-01.22.01.jpeg?fit=584%2C438&amp;ssl=1\" class=\"alignnone size-medium wp-image-5857772\" src=\"https:\/\/i0.wp.com\/www.kljbkirchdorf.de\/wp-content\/uploads\/2021\/10\/WhatsApp-Image-2021-10-05-at-01.22.01.jpeg?resize=300%2C225&#038;ssl=1\" alt=\"\" width=\"300\" height=\"225\" srcset=\"https:\/\/i0.wp.com\/www.kljbkirchdorf.de\/wp-content\/uploads\/2021\/10\/WhatsApp-Image-2021-10-05-at-01.22.01.jpeg?resize=300%2C225&amp;ssl=1 300w, https:\/\/i0.wp.com\/www.kljbkirchdorf.de\/wp-content\/uploads\/2021\/10\/WhatsApp-Image-2021-10-05-at-01.22.01.jpeg?resize=1024%2C768&amp;ssl=1 1024w, https:\/\/i0.wp.com\/www.kljbkirchdorf.de\/wp-content\/uploads\/2021\/10\/WhatsApp-Image-2021-10-05-at-01.22.01.jpeg?resize=768%2C576&amp;ssl=1 768w, https:\/\/i0.wp.com\/www.kljbkirchdorf.de\/wp-content\/uploads\/2021\/10\/WhatsApp-Image-2021-10-05-at-01.22.01.jpeg?resize=1536%2C1152&amp;ssl=1 1536w, https:\/\/i0.wp.com\/www.kljbkirchdorf.de\/wp-content\/uploads\/2021\/10\/WhatsApp-Image-2021-10-05-at-01.22.01.jpeg?resize=400%2C300&amp;ssl=1 400w, https:\/\/i0.wp.com\/www.kljbkirchdorf.de\/wp-content\/uploads\/2021\/10\/WhatsApp-Image-2021-10-05-at-01.22.01.jpeg?w=1600&amp;ssl=1 1600w, https:\/\/i0.wp.com\/www.kljbkirchdorf.de\/wp-content\/uploads\/2021\/10\/WhatsApp-Image-2021-10-05-at-01.22.01.jpeg?w=1168&amp;ssl=1 1168w\" sizes=\"auto, (max-width: 300px) 100vw, 300px\" \/><\/a><br \/><br \/>Hinten v.l. Anna Bauer, Kilian G\u00f6schl, Johannes Bachmeier, Johannes Mitterer, Bettina Stettner<br \/><br \/>Vorne v.l. Eva Bauer, Elisabeth Sch\u00f6berl, Pia Grandl<\/pre>\n<\/div>\n<h2>_________________________________________________________________________<\/h2>\n<h2>2020<\/h2>\n<p><strong>Vorstand<\/strong><\/p>\n<ul>\n<li>Anna Bauer<\/li>\n<li>Stefan Bauer<\/li>\n<li>Kilian G\u00f6schl<\/li>\n<li>Sebastian Hierl<\/li>\n<li>Elisabeth Sch\u00f6berl<\/li>\n<\/ul>\n<p><strong>Schriftf\u00fchrer<\/strong><\/p>\n<ul>\n<li>Bettina Stettner<\/li>\n<\/ul>\n<p><strong>Kassier<\/strong><\/p>\n<ul>\n<li>Seppe Schneider<\/li>\n<\/ul>\n<h2>Geistlicher Begleiter<\/h2>\n<ul>\n<li>Elias Ostermaier<\/li>\n<\/ul>\n<div id=\"attachment_5857734\" style=\"width: 310px\" class=\"wp-caption alignnone\"><a href=\"https:\/\/i0.wp.com\/www.kljbkirchdorf.de\/wp-content\/uploads\/2020\/03\/Vorstand-2020.jpeg?ssl=1\"><img data-recalc-dims=\"1\" loading=\"lazy\" decoding=\"async\" aria-describedby=\"caption-attachment-5857734\" data-attachment-id=\"5857734\" data-permalink=\"https:\/\/www.kljbkirchdorf.de\/?attachment_id=5857734\" data-orig-file=\"https:\/\/i0.wp.com\/www.kljbkirchdorf.de\/wp-content\/uploads\/2020\/03\/Vorstand-2020.jpeg?fit=1080%2C657&amp;ssl=1\" data-orig-size=\"1080,657\" data-comments-opened=\"0\" data-image-meta=\"{&quot;aperture&quot;:&quot;0&quot;,&quot;credit&quot;:&quot;&quot;,&quot;camera&quot;:&quot;&quot;,&quot;caption&quot;:&quot;&quot;,&quot;created_timestamp&quot;:&quot;0&quot;,&quot;copyright&quot;:&quot;&quot;,&quot;focal_length&quot;:&quot;0&quot;,&quot;iso&quot;:&quot;0&quot;,&quot;shutter_speed&quot;:&quot;0&quot;,&quot;title&quot;:&quot;&quot;,&quot;orientation&quot;:&quot;0&quot;}\" data-image-title=\"Vorstand 2020\" data-image-description=\"\" data-image-caption=\"\" data-large-file=\"https:\/\/i0.wp.com\/www.kljbkirchdorf.de\/wp-content\/uploads\/2020\/03\/Vorstand-2020.jpeg?fit=584%2C355&amp;ssl=1\" class=\"wp-image-5857734 size-medium\" src=\"https:\/\/i0.wp.com\/www.kljbkirchdorf.de\/wp-content\/uploads\/2020\/03\/Vorstand-2020.jpeg?resize=300%2C183&#038;ssl=1\" alt=\"\" width=\"300\" height=\"183\" srcset=\"https:\/\/i0.wp.com\/www.kljbkirchdorf.de\/wp-content\/uploads\/2020\/03\/Vorstand-2020.jpeg?resize=300%2C183&amp;ssl=1 300w, https:\/\/i0.wp.com\/www.kljbkirchdorf.de\/wp-content\/uploads\/2020\/03\/Vorstand-2020.jpeg?resize=1024%2C623&amp;ssl=1 1024w, https:\/\/i0.wp.com\/www.kljbkirchdorf.de\/wp-content\/uploads\/2020\/03\/Vorstand-2020.jpeg?resize=768%2C467&amp;ssl=1 768w, https:\/\/i0.wp.com\/www.kljbkirchdorf.de\/wp-content\/uploads\/2020\/03\/Vorstand-2020.jpeg?resize=493%2C300&amp;ssl=1 493w, https:\/\/i0.wp.com\/www.kljbkirchdorf.de\/wp-content\/uploads\/2020\/03\/Vorstand-2020.jpeg?w=1080&amp;ssl=1 1080w\" sizes=\"auto, (max-width: 300px) 100vw, 300px\" \/><\/a><p id=\"caption-attachment-5857734\" class=\"wp-caption-text\">Elias Ostermaier, Stefan Bauer, Sebastian Hierl, Seppe Schneider, Kilian G\u00f6schl Elisabeth Sch\u00f6berl, Bettina Stettner, Anna Bauer<\/p><\/div>\n<h2>_________________________________________________________________________<\/h2>\n<h2>2019<\/h2>\n<p><strong>Vorstand<\/strong><\/p>\n<ul>\n<li>Anna Bauer<\/li>\n<li>Vitus Binsteiner<\/li>\n<li>Veronika Eberl<\/li>\n<li>Sebastian Hierl<\/li>\n<li>David Ostermaier<\/li>\n<\/ul>\n<p><strong>Schriftf\u00fchrer\u00a0<\/strong><\/p>\n<ul>\n<li>Bettina Stettner<\/li>\n<\/ul>\n<p><strong>Kassier<\/strong><\/p>\n<ul>\n<li>Stefan Bauer<\/li>\n<\/ul>\n<p><strong>Geistliche Begleiter<\/strong><\/p>\n<ul>\n<li>Andrea Rahm<\/li>\n<li>Marianne Weingart<\/li>\n<\/ul>\n<h2>_________________________________________________________________________<\/h2>\n<h2>\u00a0<\/h2>\n<h2>2018<\/h2>\n<p><strong>Vorstand<\/strong><\/p>\n<ul>\n<li>Elias Ostermaier<\/li>\n<li>Anna Bauer<\/li>\n<li>Sebastian Hierl<\/li>\n<li>Veronika Eberl<\/li>\n<li>Antonia Thalmaier<\/li>\n<\/ul>\n<p><strong>Schritff\u00fchrer<\/strong><\/p>\n<ul>\n<li>Bettina Stettner<\/li>\n<\/ul>\n<p><strong>Kassier<\/strong><\/p>\n<ul>\n<li>Stefan Bauer<\/li>\n<\/ul>\n<h2>Geistliche Begleiter<\/h2>\n<ul>\n<li>Andrea Rahm<\/li>\n<li>Marianne Weingart<\/li>\n<\/ul>\n<div id=\"attachment_5856690\" style=\"width: 345px\" class=\"wp-caption alignnone\"><a href=\"https:\/\/i0.wp.com\/www.kljbkirchdorf.de\/wp-content\/uploads\/2018\/04\/WhatsApp-Image-2018-04-06-at-18.53.50.jpeg\"><img data-recalc-dims=\"1\" loading=\"lazy\" decoding=\"async\" aria-describedby=\"caption-attachment-5856690\" data-attachment-id=\"5856690\" data-permalink=\"https:\/\/www.kljbkirchdorf.de\/?attachment_id=5856690\" data-orig-file=\"https:\/\/i0.wp.com\/www.kljbkirchdorf.de\/wp-content\/uploads\/2018\/04\/WhatsApp-Image-2018-04-06-at-18.53.50.jpeg?fit=1280%2C850&amp;ssl=1\" data-orig-size=\"1280,850\" data-comments-opened=\"0\" data-image-meta=\"{&quot;aperture&quot;:&quot;0&quot;,&quot;credit&quot;:&quot;&quot;,&quot;camera&quot;:&quot;&quot;,&quot;caption&quot;:&quot;&quot;,&quot;created_timestamp&quot;:&quot;0&quot;,&quot;copyright&quot;:&quot;&quot;,&quot;focal_length&quot;:&quot;0&quot;,&quot;iso&quot;:&quot;0&quot;,&quot;shutter_speed&quot;:&quot;0&quot;,&quot;title&quot;:&quot;&quot;,&quot;orientation&quot;:&quot;0&quot;}\" data-image-title=\"WhatsApp Image 2018-04-06 at 18.53.50\" data-image-description=\"\" data-image-caption=\"\" data-large-file=\"https:\/\/i0.wp.com\/www.kljbkirchdorf.de\/wp-content\/uploads\/2018\/04\/WhatsApp-Image-2018-04-06-at-18.53.50.jpeg?fit=584%2C388&amp;ssl=1\" class=\"wp-image-5856690\" src=\"https:\/\/i0.wp.com\/www.kljbkirchdorf.de\/wp-content\/uploads\/2018\/04\/WhatsApp-Image-2018-04-06-at-18.53.50-300x199.jpeg?resize=335%2C227\" alt=\"\" width=\"335\" height=\"227\" \/><\/a><p id=\"caption-attachment-5856690\" class=\"wp-caption-text\">Andrea Rahm, Elias Ostermaier, Sebastian Hierl, Stefan Bauer, Marianne Weingart Anna Bauer, Bettina Stettner, Antonia Thalmaier, Veronika Eberl<\/p><\/div>\n<h2>_________________________________________________________________________<\/h2>\n<h2>\u00a0<\/h2>\n<h2>2017<\/h2>\n<p><strong>Vorstand<\/strong><\/p>\n<ul>\n<li>Elias Ostermaier<\/li>\n<li>Bettina Stettner<\/li>\n<li>Sebastian Hierl<\/li>\n<li>Benedikt Sch\u00f6berl<\/li>\n<li>Antonia Thalmaier<\/li>\n<\/ul>\n<p><strong>Schritff\u00fchrer<\/strong><\/p>\n<ul>\n<li>Andi Seigner<\/li>\n<\/ul>\n<p><strong>Kassier<\/strong><\/p>\n<ul>\n<li>Stefan Bauer<\/li>\n<\/ul>\n<h2>Geistliche Begleiter<\/h2>\n<ul>\n<li>Andrea Rahm<\/li>\n<li>Marianne Weingart<\/li>\n<\/ul>\n<div id=\"attachment_5856365\" style=\"width: 594px\" class=\"wp-caption alignleft\"><img data-recalc-dims=\"1\" loading=\"lazy\" decoding=\"async\" aria-describedby=\"caption-attachment-5856365\" data-attachment-id=\"5856365\" data-permalink=\"https:\/\/www.kljbkirchdorf.de\/?attachment_id=5856365\" data-orig-file=\"https:\/\/i0.wp.com\/www.kljbkirchdorf.de\/wp-content\/uploads\/2018\/01\/vorstand2017-e1516393521641.jpg?fit=978%2C555&amp;ssl=1\" data-orig-size=\"978,555\" data-comments-opened=\"0\" data-image-meta=\"{&quot;aperture&quot;:&quot;0&quot;,&quot;credit&quot;:&quot;&quot;,&quot;camera&quot;:&quot;&quot;,&quot;caption&quot;:&quot;&quot;,&quot;created_timestamp&quot;:&quot;0&quot;,&quot;copyright&quot;:&quot;&quot;,&quot;focal_length&quot;:&quot;0&quot;,&quot;iso&quot;:&quot;0&quot;,&quot;shutter_speed&quot;:&quot;0&quot;,&quot;title&quot;:&quot;&quot;,&quot;orientation&quot;:&quot;0&quot;}\" data-image-title=\"vorstand2017\" data-image-description=\"\" data-image-caption=\"\" data-large-file=\"https:\/\/i0.wp.com\/www.kljbkirchdorf.de\/wp-content\/uploads\/2018\/01\/vorstand2017-e1516393521641.jpg?fit=584%2C328&amp;ssl=1\" class=\"wp-image-5856365 size-large\" src=\"https:\/\/i0.wp.com\/www.kljbkirchdorf.de\/wp-content\/uploads\/2018\/01\/vorstand2017-1024x575.jpg?resize=584%2C328\" alt=\"\" width=\"584\" height=\"328\" \/><p id=\"caption-attachment-5856365\" class=\"wp-caption-text\">Elias Ostermaier, Antonia Thalmaier, Stefan Bauer, Andreas Seigner, Bettina Stettner, Sebastian Hierl, Benedikt Sch\u00f6berl, Andrea Rahm und Marianne Weingart.<\/p><\/div>\n<h2>_________________________________________________________________________<\/h2>\n<h2>2016<\/h2>\n<p><strong>Vorstand<\/strong><\/p>\n<ul>\n<li>Stefan Bauer<\/li>\n<li>Andrea Rahm<\/li>\n<li>Benedikt Sch\u00f6berl<\/li>\n<li>Andreas Schmuck<\/li>\n<li>Antonia Thamaier<\/li>\n<\/ul>\n<p><strong>Schriftf\u00fchrer<\/strong><\/p>\n<ul>\n<li>Andreas Seigner<\/li>\n<\/ul>\n<p><strong>Kassier<\/strong><\/p>\n<ul>\n<li>Stefan Meier<\/li>\n<\/ul>\n<p><strong>Geistliche Begleiter<\/strong><\/p>\n<ul>\n<li>Marianne Weingart<\/li>\n<li>Maria Kurz<\/li>\n<\/ul>\n<pre><a href=\"https:\/\/i0.wp.com\/www.kljbkirchdorf.de\/wp-content\/uploads\/2021\/10\/IMG-20160229-WA0000.jpg?ssl=1\"><img data-recalc-dims=\"1\" loading=\"lazy\" decoding=\"async\" data-attachment-id=\"5857781\" data-permalink=\"https:\/\/www.kljbkirchdorf.de\/?attachment_id=5857781\" data-orig-file=\"https:\/\/i0.wp.com\/www.kljbkirchdorf.de\/wp-content\/uploads\/2021\/10\/IMG-20160229-WA0000.jpg?fit=1599%2C899&amp;ssl=1\" data-orig-size=\"1599,899\" data-comments-opened=\"0\" data-image-meta=\"{&quot;aperture&quot;:&quot;0&quot;,&quot;credit&quot;:&quot;&quot;,&quot;camera&quot;:&quot;&quot;,&quot;caption&quot;:&quot;&quot;,&quot;created_timestamp&quot;:&quot;0&quot;,&quot;copyright&quot;:&quot;&quot;,&quot;focal_length&quot;:&quot;0&quot;,&quot;iso&quot;:&quot;0&quot;,&quot;shutter_speed&quot;:&quot;0&quot;,&quot;title&quot;:&quot;&quot;,&quot;orientation&quot;:&quot;0&quot;}\" data-image-title=\"IMG-20160229-WA0000\" data-image-description=\"\" data-image-caption=\"\" data-large-file=\"https:\/\/i0.wp.com\/www.kljbkirchdorf.de\/wp-content\/uploads\/2021\/10\/IMG-20160229-WA0000.jpg?fit=584%2C329&amp;ssl=1\" class=\"alignnone size-medium wp-image-5857781\" src=\"https:\/\/i0.wp.com\/www.kljbkirchdorf.de\/wp-content\/uploads\/2021\/10\/IMG-20160229-WA0000.jpg?resize=300%2C169&#038;ssl=1\" alt=\"\" width=\"300\" height=\"169\" srcset=\"https:\/\/i0.wp.com\/www.kljbkirchdorf.de\/wp-content\/uploads\/2021\/10\/IMG-20160229-WA0000.jpg?resize=300%2C169&amp;ssl=1 300w, https:\/\/i0.wp.com\/www.kljbkirchdorf.de\/wp-content\/uploads\/2021\/10\/IMG-20160229-WA0000.jpg?resize=1024%2C576&amp;ssl=1 1024w, https:\/\/i0.wp.com\/www.kljbkirchdorf.de\/wp-content\/uploads\/2021\/10\/IMG-20160229-WA0000.jpg?resize=768%2C432&amp;ssl=1 768w, https:\/\/i0.wp.com\/www.kljbkirchdorf.de\/wp-content\/uploads\/2021\/10\/IMG-20160229-WA0000.jpg?resize=1536%2C864&amp;ssl=1 1536w, https:\/\/i0.wp.com\/www.kljbkirchdorf.de\/wp-content\/uploads\/2021\/10\/IMG-20160229-WA0000.jpg?resize=500%2C281&amp;ssl=1 500w, https:\/\/i0.wp.com\/www.kljbkirchdorf.de\/wp-content\/uploads\/2021\/10\/IMG-20160229-WA0000.jpg?w=1599&amp;ssl=1 1599w, https:\/\/i0.wp.com\/www.kljbkirchdorf.de\/wp-content\/uploads\/2021\/10\/IMG-20160229-WA0000.jpg?w=1168&amp;ssl=1 1168w\" sizes=\"auto, (max-width: 300px) 100vw, 300px\" \/><\/a><br \/><br \/>Hinten v.l Stefan Bauer, Andreas Schmuck, Stefan Meier, Benedikt Sch\u00f6berl, Andreas Seigner<br \/><br \/>Vorne v.l Andrea Rahm, Antonia Thalmaier<\/pre>\n<h2>_________________________________________________________________________<\/h2>\n<h2>2015<\/h2>\n<p><strong>Vorstand<\/strong><\/p>\n<ul>\n<li>Andrea Rahm<\/li>\n<li>Benedikt Sch\u00f6berl<\/li>\n<li>Markus Scholz<\/li>\n<li>Martin Weingart<\/li>\n<\/ul>\n<p><strong>Schriftf\u00fchrer<\/strong><\/p>\n<ul>\n<li>Andreas Seigner<\/li>\n<\/ul>\n<p><strong>Kassier<\/strong><\/p>\n<ul>\n<li>Stefan Meier<\/li>\n<\/ul>\n<p><strong>Geistliche Begleiter<\/strong><\/p>\n<ul>\n<li>Marianne Weingart<\/li>\n<li>Maria Kurz<\/li>\n<\/ul>\n<pre><a href=\"https:\/\/i0.wp.com\/www.kljbkirchdorf.de\/wp-content\/uploads\/2021\/10\/Vorstand2015-scaled.jpg?ssl=1\"><img data-recalc-dims=\"1\" loading=\"lazy\" decoding=\"async\" data-attachment-id=\"5857774\" data-permalink=\"https:\/\/www.kljbkirchdorf.de\/?attachment_id=5857774\" data-orig-file=\"https:\/\/i0.wp.com\/www.kljbkirchdorf.de\/wp-content\/uploads\/2021\/10\/Vorstand2015-scaled.jpg?fit=2560%2C1707&amp;ssl=1\" data-orig-size=\"2560,1707\" data-comments-opened=\"0\" data-image-meta=\"{&quot;aperture&quot;:&quot;8&quot;,&quot;credit&quot;:&quot;&quot;,&quot;camera&quot;:&quot;Canon EOS 1200D&quot;,&quot;caption&quot;:&quot;&quot;,&quot;created_timestamp&quot;:&quot;1436106866&quot;,&quot;copyright&quot;:&quot;&quot;,&quot;focal_length&quot;:&quot;40&quot;,&quot;iso&quot;:&quot;100&quot;,&quot;shutter_speed&quot;:&quot;0.008&quot;,&quot;title&quot;:&quot;&quot;,&quot;orientation&quot;:&quot;1&quot;}\" data-image-title=\"Vorstand2015\" data-image-description=\"\" data-image-caption=\"\" data-large-file=\"https:\/\/i0.wp.com\/www.kljbkirchdorf.de\/wp-content\/uploads\/2021\/10\/Vorstand2015-scaled.jpg?fit=584%2C390&amp;ssl=1\" class=\"alignnone size-medium wp-image-5857774\" src=\"https:\/\/i0.wp.com\/www.kljbkirchdorf.de\/wp-content\/uploads\/2021\/10\/Vorstand2015.jpg?resize=300%2C200&#038;ssl=1\" alt=\"\" width=\"300\" height=\"200\" srcset=\"https:\/\/i0.wp.com\/www.kljbkirchdorf.de\/wp-content\/uploads\/2021\/10\/Vorstand2015-scaled.jpg?resize=300%2C200&amp;ssl=1 300w, https:\/\/i0.wp.com\/www.kljbkirchdorf.de\/wp-content\/uploads\/2021\/10\/Vorstand2015-scaled.jpg?resize=1024%2C683&amp;ssl=1 1024w, https:\/\/i0.wp.com\/www.kljbkirchdorf.de\/wp-content\/uploads\/2021\/10\/Vorstand2015-scaled.jpg?resize=768%2C512&amp;ssl=1 768w, https:\/\/i0.wp.com\/www.kljbkirchdorf.de\/wp-content\/uploads\/2021\/10\/Vorstand2015-scaled.jpg?resize=1536%2C1024&amp;ssl=1 1536w, https:\/\/i0.wp.com\/www.kljbkirchdorf.de\/wp-content\/uploads\/2021\/10\/Vorstand2015-scaled.jpg?resize=2048%2C1365&amp;ssl=1 2048w, https:\/\/i0.wp.com\/www.kljbkirchdorf.de\/wp-content\/uploads\/2021\/10\/Vorstand2015-scaled.jpg?resize=450%2C300&amp;ssl=1 450w, https:\/\/i0.wp.com\/www.kljbkirchdorf.de\/wp-content\/uploads\/2021\/10\/Vorstand2015-scaled.jpg?w=1168&amp;ssl=1 1168w, https:\/\/i0.wp.com\/www.kljbkirchdorf.de\/wp-content\/uploads\/2021\/10\/Vorstand2015-scaled.jpg?w=1752&amp;ssl=1 1752w\" sizes=\"auto, (max-width: 300px) 100vw, 300px\" \/><\/a><br \/><br \/>V.l. Markus Scholz, Benedikt Sch\u00f6berl, Andreas Seigner, Andrea Rahm, Stefan Meier, Martin Weingart<\/pre>\n<h2>_________________________________________________________________________<\/h2>\n<h2>2014<\/h2>\n<p><strong>Vorstand<\/strong><\/p>\n<ul>\n<li>Florian Hermansdorfer<\/li>\n<li>Saskia St\u00f6ckl<\/li>\n<li>Simone St\u00f6ckl<\/li>\n<li>Martin Weingart<\/li>\n<\/ul>\n<p><strong>Schriftf\u00fchrer<\/strong><\/p>\n<ul>\n<li>Andreas Seigner<\/li>\n<\/ul>\n<p><strong>Kassier<\/strong><\/p>\n<ul>\n<li>Wolfgang Seigner<\/li>\n<\/ul>\n<p><strong>Geistliche Begleiter<\/strong><\/p>\n<ul>\n<li>Marianne Weingart<\/li>\n<li>Maria Kurz<\/li>\n<\/ul>\n<pre><a href=\"https:\/\/i0.wp.com\/www.kljbkirchdorf.de\/wp-content\/uploads\/2021\/10\/DSC00277-scaled.jpg?ssl=1\"><img data-recalc-dims=\"1\" loading=\"lazy\" decoding=\"async\" data-attachment-id=\"5857773\" data-permalink=\"https:\/\/www.kljbkirchdorf.de\/?attachment_id=5857773\" data-orig-file=\"https:\/\/i0.wp.com\/www.kljbkirchdorf.de\/wp-content\/uploads\/2021\/10\/DSC00277-scaled.jpg?fit=2560%2C1920&amp;ssl=1\" data-orig-size=\"2560,1920\" data-comments-opened=\"0\" data-image-meta=\"{&quot;aperture&quot;:&quot;3.5&quot;,&quot;credit&quot;:&quot;&quot;,&quot;camera&quot;:&quot;DSC-WX80&quot;,&quot;caption&quot;:&quot;&quot;,&quot;created_timestamp&quot;:&quot;1394987379&quot;,&quot;copyright&quot;:&quot;&quot;,&quot;focal_length&quot;:&quot;5.91&quot;,&quot;iso&quot;:&quot;100&quot;,&quot;shutter_speed&quot;:&quot;0.02&quot;,&quot;title&quot;:&quot;&quot;,&quot;orientation&quot;:&quot;1&quot;}\" data-image-title=\"DSC00277\" data-image-description=\"\" data-image-caption=\"\" data-large-file=\"https:\/\/i0.wp.com\/www.kljbkirchdorf.de\/wp-content\/uploads\/2021\/10\/DSC00277-scaled.jpg?fit=584%2C438&amp;ssl=1\" class=\"alignnone size-medium wp-image-5857773\" src=\"https:\/\/i0.wp.com\/www.kljbkirchdorf.de\/wp-content\/uploads\/2021\/10\/DSC00277.jpg?resize=300%2C225&#038;ssl=1\" alt=\"\" width=\"300\" height=\"225\" srcset=\"https:\/\/i0.wp.com\/www.kljbkirchdorf.de\/wp-content\/uploads\/2021\/10\/DSC00277-scaled.jpg?resize=300%2C225&amp;ssl=1 300w, https:\/\/i0.wp.com\/www.kljbkirchdorf.de\/wp-content\/uploads\/2021\/10\/DSC00277-scaled.jpg?resize=1024%2C768&amp;ssl=1 1024w, https:\/\/i0.wp.com\/www.kljbkirchdorf.de\/wp-content\/uploads\/2021\/10\/DSC00277-scaled.jpg?resize=768%2C576&amp;ssl=1 768w, https:\/\/i0.wp.com\/www.kljbkirchdorf.de\/wp-content\/uploads\/2021\/10\/DSC00277-scaled.jpg?resize=1536%2C1152&amp;ssl=1 1536w, https:\/\/i0.wp.com\/www.kljbkirchdorf.de\/wp-content\/uploads\/2021\/10\/DSC00277-scaled.jpg?resize=2048%2C1536&amp;ssl=1 2048w, https:\/\/i0.wp.com\/www.kljbkirchdorf.de\/wp-content\/uploads\/2021\/10\/DSC00277-scaled.jpg?resize=400%2C300&amp;ssl=1 400w, https:\/\/i0.wp.com\/www.kljbkirchdorf.de\/wp-content\/uploads\/2021\/10\/DSC00277-scaled.jpg?w=1168&amp;ssl=1 1168w, https:\/\/i0.wp.com\/www.kljbkirchdorf.de\/wp-content\/uploads\/2021\/10\/DSC00277-scaled.jpg?w=1752&amp;ssl=1 1752w\" sizes=\"auto, (max-width: 300px) 100vw, 300px\" \/><\/a><br \/><br \/>Hinten v.l. Florian Hermansdorfer, Martin Weingart, Andreas Seigner, Wolfgang Seigner<br \/><br \/>Vorne v.l. Maria Kurz, Saskia St\u00f6ckl, Simone St\u00f6ckl, Marianne Weingart<\/pre>\n<h2>_________________________________________________________________________<\/h2>\n<h2>2013<\/h2>\n<ul>\n<li>Veronika Bauer<\/li>\n<li>Simone St\u00f6ckl<\/li>\n<li>Saskia St\u00f6ckl<\/li>\n<li>Alois Hirschhuber<\/li>\n<\/ul>\n<h2><strong>Schriftf\u00fchrer<\/strong><\/h2>\n<ul>\n<li>Florian Hermansdorfer<\/li>\n<\/ul>\n<h2>Kassier<\/h2>\n<ul>\n<li>Wolfgang Seigner<\/li>\n<\/ul>\n<pre><a href=\"https:\/\/i0.wp.com\/www.kljbkirchdorf.de\/wp-content\/uploads\/2011\/10\/IMG_85451.jpg\"><img data-recalc-dims=\"1\" loading=\"lazy\" decoding=\"async\" data-attachment-id=\"2683485\" data-permalink=\"https:\/\/www.kljbkirchdorf.de\/?attachment_id=2683485\" data-orig-file=\"https:\/\/i0.wp.com\/www.kljbkirchdorf.de\/wp-content\/uploads\/2011\/10\/IMG_85451.jpg?fit=4272%2C2848&amp;ssl=1\" data-orig-size=\"4272,2848\" data-comments-opened=\"0\" data-image-meta=\"{&quot;aperture&quot;:&quot;4&quot;,&quot;credit&quot;:&quot;&quot;,&quot;camera&quot;:&quot;Canon EOS 1100D&quot;,&quot;caption&quot;:&quot;&quot;,&quot;created_timestamp&quot;:&quot;1364330276&quot;,&quot;copyright&quot;:&quot;&quot;,&quot;focal_length&quot;:&quot;24&quot;,&quot;iso&quot;:&quot;800&quot;,&quot;shutter_speed&quot;:&quot;0.0166666666667&quot;,&quot;title&quot;:&quot;&quot;}\" data-image-title=\"vorstandsbilder\" data-image-description=\"&lt;p&gt;Bilder der Vorstandschaft&lt;\/p&gt;\n\" data-image-caption=\"\" data-large-file=\"https:\/\/i0.wp.com\/www.kljbkirchdorf.de\/wp-content\/uploads\/2011\/10\/IMG_85451.jpg?fit=584%2C389&amp;ssl=1\" class=\"alignnone size-medium wp-image-2683485\" src=\"https:\/\/i0.wp.com\/www.kljbkirchdorf.de\/wp-content\/uploads\/2011\/10\/IMG_85451-300x200.jpg?resize=300%2C200\" alt=\"IMG_8545(1)\" width=\"300\" height=\"200\" srcset=\"https:\/\/i0.wp.com\/www.kljbkirchdorf.de\/wp-content\/uploads\/2011\/10\/IMG_85451.jpg?resize=300%2C200&amp;ssl=1 300w, https:\/\/i0.wp.com\/www.kljbkirchdorf.de\/wp-content\/uploads\/2011\/10\/IMG_85451.jpg?resize=1024%2C682&amp;ssl=1 1024w, https:\/\/i0.wp.com\/www.kljbkirchdorf.de\/wp-content\/uploads\/2011\/10\/IMG_85451.jpg?resize=450%2C300&amp;ssl=1 450w, https:\/\/i0.wp.com\/www.kljbkirchdorf.de\/wp-content\/uploads\/2011\/10\/IMG_85451.jpg?w=1168&amp;ssl=1 1168w, https:\/\/i0.wp.com\/www.kljbkirchdorf.de\/wp-content\/uploads\/2011\/10\/IMG_85451.jpg?w=1752&amp;ssl=1 1752w\" sizes=\"auto, (max-width: 300px) 100vw, 300px\" \/><\/a><br \/><br \/>vordere Reihe von links: Alois Hirschhuber, Vroni Bauer, Simone St\u00f6ckl, Saskia St\u00f6ckl<br \/><br \/>hintere Reihe: Florian Hermansdorfer, Wolfgang Seigner<\/pre>\n<h2>_________________________________________________________________________<\/h2>\n<h2>Vorstand 2012<\/h2>\n<ul>\n<li>Veronika Bauer<\/li>\n<li>Alois Hirschhuber<\/li>\n<li>Saskia St\u00f6ckl<\/li>\n<li>Wolfgang Seigner<\/li>\n<\/ul>\n<h2>Schriftf\u00fchrer<\/h2>\n<ul>\n<li>Marianne Weingart<\/li>\n<\/ul>\n<h2>Kassier<\/h2>\n<ul>\n<li>Otto Laubengeiger<\/li>\n<\/ul>\n<pre><img data-recalc-dims=\"1\" loading=\"lazy\" decoding=\"async\" data-attachment-id=\"754721\" data-permalink=\"https:\/\/www.kljbkirchdorf.de\/?attachment_id=754721\" data-orig-file=\"https:\/\/i0.wp.com\/www.kljbkirchdorf.de\/wp-content\/uploads\/2012\/03\/IMG_52701.jpg?fit=4272%2C2848&amp;ssl=1\" data-orig-size=\"4272,2848\" data-comments-opened=\"0\" data-image-meta=\"{&quot;aperture&quot;:&quot;5&quot;,&quot;credit&quot;:&quot;&quot;,&quot;camera&quot;:&quot;Canon EOS 1100D&quot;,&quot;caption&quot;:&quot;&quot;,&quot;created_timestamp&quot;:&quot;1330271543&quot;,&quot;copyright&quot;:&quot;&quot;,&quot;focal_length&quot;:&quot;30&quot;,&quot;iso&quot;:&quot;100&quot;,&quot;shutter_speed&quot;:&quot;0.02&quot;,&quot;title&quot;:&quot;&quot;}\" data-image-title=\"Vorstand 2012\" data-image-description=\"\" data-image-caption=\"\" data-large-file=\"https:\/\/i0.wp.com\/www.kljbkirchdorf.de\/wp-content\/uploads\/2012\/03\/IMG_52701.jpg?fit=584%2C389&amp;ssl=1\" class=\"alignleft size-large wp-image-754721\" title=\"Vorstand 2012\" src=\"https:\/\/i0.wp.com\/www.kljbkirchdorf.de\/wp-content\/uploads\/2012\/03\/IMG_52701-1024x682.jpg?resize=584%2C388\" alt=\"\" width=\"584\" height=\"388\" srcset=\"https:\/\/i0.wp.com\/www.kljbkirchdorf.de\/wp-content\/uploads\/2012\/03\/IMG_52701.jpg?resize=1024%2C682&amp;ssl=1 1024w, https:\/\/i0.wp.com\/www.kljbkirchdorf.de\/wp-content\/uploads\/2012\/03\/IMG_52701.jpg?resize=300%2C200&amp;ssl=1 300w, https:\/\/i0.wp.com\/www.kljbkirchdorf.de\/wp-content\/uploads\/2012\/03\/IMG_52701.jpg?resize=450%2C300&amp;ssl=1 450w, https:\/\/i0.wp.com\/www.kljbkirchdorf.de\/wp-content\/uploads\/2012\/03\/IMG_52701.jpg?w=1168&amp;ssl=1 1168w, https:\/\/i0.wp.com\/www.kljbkirchdorf.de\/wp-content\/uploads\/2012\/03\/IMG_52701.jpg?w=1752&amp;ssl=1 1752w\" sizes=\"auto, (max-width: 584px) 100vw, 584px\" \/><br \/><br \/>v.l.: Otto Laubengeiger, Veronika Bauer, Marianne Weingart, Alois Hirschhuber, Wolfgang Seigner, Saskia St\u00f6ckl<\/pre>\n<h2>_________________________________________________________________________<\/h2>\n<h2>Vorstand 2011<\/h2>\n<ul>\n<li>Veronika Bauer<\/li>\n<li>Alois Hirschhuber<\/li>\n<li>Michaela Scholz<\/li>\n<li>Otto Laubengeiger<\/li>\n<\/ul>\n<h2>Schriftf\u00fchrer<\/h2>\n<ul>\n<li>Marianne Weingart<\/li>\n<\/ul>\n<h2>Kassier<\/h2>\n<ul>\n<li>Florian Schu\u00dfm\u00fcller<\/li>\n<\/ul>\n<pre><a href=\"https:\/\/i0.wp.com\/kljbkirchdorf.de\/wp-content\/uploads\/2011\/10\/Vorstand_2011_klein.jpg\"><img data-recalc-dims=\"1\" loading=\"lazy\" decoding=\"async\" data-attachment-id=\"18\" data-permalink=\"https:\/\/www.kljbkirchdorf.de\/?attachment_id=18\" data-orig-file=\"https:\/\/i0.wp.com\/www.kljbkirchdorf.de\/wp-content\/uploads\/2011\/10\/Vorstand_2011_klein.jpg?fit=384%2C512&amp;ssl=1\" data-orig-size=\"384,512\" data-comments-opened=\"1\" data-image-meta=\"{&quot;aperture&quot;:&quot;4&quot;,&quot;credit&quot;:&quot;&quot;,&quot;camera&quot;:&quot;Canon PowerShot A610&quot;,&quot;caption&quot;:&quot;&quot;,&quot;created_timestamp&quot;:&quot;1297610413&quot;,&quot;copyright&quot;:&quot;&quot;,&quot;focal_length&quot;:&quot;10.835&quot;,&quot;iso&quot;:&quot;0&quot;,&quot;shutter_speed&quot;:&quot;0.008&quot;,&quot;title&quot;:&quot;&quot;}\" data-image-title=\"Vorstand_2011_klein\" data-image-description=\"\" data-image-caption=\"\" data-large-file=\"https:\/\/i0.wp.com\/www.kljbkirchdorf.de\/wp-content\/uploads\/2011\/10\/Vorstand_2011_klein.jpg?fit=384%2C512&amp;ssl=1\" class=\"size-full wp-image-18 alignnone\" title=\"Vorstand_2011_klein\" src=\"https:\/\/i0.wp.com\/kljbkirchdorf.de\/wp-content\/uploads\/2011\/10\/Vorstand_2011_klein.jpg?resize=384%2C512\" alt=\"\" width=\"384\" height=\"512\" srcset=\"https:\/\/i0.wp.com\/www.kljbkirchdorf.de\/wp-content\/uploads\/2011\/10\/Vorstand_2011_klein.jpg?w=384&amp;ssl=1 384w, https:\/\/i0.wp.com\/www.kljbkirchdorf.de\/wp-content\/uploads\/2011\/10\/Vorstand_2011_klein.jpg?resize=225%2C300&amp;ssl=1 225w\" sizes=\"auto, (max-width: 384px) 100vw, 384px\" \/><\/a><br \/><br \/>v.l.: Otto Laubengeiger,\u00a0Michaela Scholz,\u00a0Florian Schussm\u00fcller,\u00a0Marianne Weingart,\u00a0Alois Hirschhuber,\u00a0Veronika Bauer<\/pre>\n<h2>_________________________________________________________________________<\/h2>\n<h2>Vorstand 2010<\/h2>\n<ul>\n<li>Florian St\u00f6ckl<\/li>\n<li>Stefan Eisenauer<\/li>\n<li>Michaela Scholz<\/li>\n<li>Florian Schu\u00dfm\u00fcller<\/li>\n<\/ul>\n<h2>Schriftf\u00fchrer<\/h2>\n<ul>\n<li>Marianne Weingart<\/li>\n<\/ul>\n<h2>Kassier<\/h2>\n<ul>\n<li>Berni Ade<\/li>\n<\/ul>\n<pre><img data-recalc-dims=\"1\" decoding=\"async\" src=\"https:\/\/i0.wp.com\/lh6.ggpht.com\/_z_m1BgEOLSk\/S0oZCrUpJeI\/AAAAAAAAIOs\/7W7OeXszhXU\/s512\/IMG_0123.JPG?w=584\" alt=\"\" \/><br \/><br \/><br \/><br \/><br \/>stehend v.l.: Stefan Eisenauer, Michaela Scholz<br \/><br \/>\"schaukelnd\" v.l.: Schriftf\u00fchrer Marianne Weingart, Florian St\u00f6ckl<br \/><br \/>sitzend v.l.: Florian Schu\u00dfm\u00fcller, Kassier Berni Ade<\/pre>\n<h2>_________________________________________________________________________<\/h2>\n<h2>Vorstand 2009<\/h2>\n<pre><img data-recalc-dims=\"1\" loading=\"lazy\" decoding=\"async\" src=\"https:\/\/i0.wp.com\/lh3.ggpht.com\/_z_m1BgEOLSk\/SX3sD0WmjsI\/AAAAAAAADkA\/Ap32J67YMdg\/s640\/IMG_0149.JPG?resize=487%2C363\" alt=\"\" width=\"487\" height=\"363\" border=\"0\" \/><br \/><br \/>v.l.: Grei\u00dfl Verena, Reu\u00df Verena, Eisenauer Stefan, Wieser Franz, Weingart Marianne, St\u00f6ckl Florian<\/pre>\n<h2>_________________________________________________________________________<\/h2>\n<h2>\u00a0<\/h2>\n<h2>Vorstand 2008<\/h2>\n<pre><img data-recalc-dims=\"1\" loading=\"lazy\" decoding=\"async\" src=\"https:\/\/i0.wp.com\/lh5.ggpht.com\/KLJBKirchdorf\/SD2xrcDCmqI\/AAAAAAAAAvI\/zRMknvPTHt4\/s800\/DSCF0470.JPG?resize=480%2C360\" alt=\"\" width=\"480\" height=\"360\" border=\"0\" \/><br \/>oben v.l.: Franz Wieser, Verena Reu\u00df, Kassier Verena Grei\u00dfl, Stefan   Eisenauer<br \/>unten v.l.: Florian St\u00f6ckl, Sebastian Lohmeier<\/pre>\n\n\n<p><\/p>\n","protected":false},"excerpt":{"rendered":"<p>2021 Vorstand Eva Bauer Johannes Bachmaier Kilian G\u00f6schl Elisabeth Sch\u00f6berl Schriftf\u00fchrer Pia Grandl Kassier Johannes Mitterer Geistliche Begleiter Anna Bauer Bettina Stettner Hinten v.l. Anna Bauer, Kilian G\u00f6schl, Johannes Bachmeier, Johannes Mitterer, Bettina StettnerVorne v.l. Eva Bauer, Elisabeth Sch\u00f6berl, Pia &hellip; <a href=\"https:\/\/www.kljbkirchdorf.de\/?page_id=9\">Weiterlesen <span class=\"meta-nav\">&rarr;<\/span><\/a><\/p>\n","protected":false},"author":12,"featured_media":0,"parent":0,"menu_order":0,"comment_status":"closed","ping_status":"closed","template":"","meta":{"footnotes":""},"class_list":["post-9","page","type-page","status-publish","hentry"],"jetpack_sharing_enabled":true,"jetpack_shortlink":"https:\/\/wp.me\/P5mW91-9","jetpack_likes_enabled":true,"jetpack-related-posts":[],"_links":{"self":[{"href":"https:\/\/www.kljbkirchdorf.de\/index.php?rest_route=\/wp\/v2\/pages\/9","targetHints":{"allow":["GET"]}}],"collection":[{"href":"https:\/\/www.kljbkirchdorf.de\/index.php?rest_route=\/wp\/v2\/pages"}],"about":[{"href":"https:\/\/www.kljbkirchdorf.de\/index.php?rest_route=\/wp\/v2\/types\/page"}],"author":[{"embeddable":true,"href":"https:\/\/www.kljbkirchdorf.de\/index.php?rest_route=\/wp\/v2\/users\/12"}],"replies":[{"embeddable":true,"href":"https:\/\/www.kljbkirchdorf.de\/index.php?rest_route=%2Fwp%2Fv2%2Fcomments&post=9"}],"version-history":[{"count":27,"href":"https:\/\/www.kljbkirchdorf.de\/index.php?rest_route=\/wp\/v2\/pages\/9\/revisions"}],"predecessor-version":[{"id":5857783,"href":"https:\/\/www.kljbkirchdorf.de\/index.php?rest_route=\/wp\/v2\/pages\/9\/revisions\/5857783"}],"wp:attachment":[{"href":"https:\/\/www.kljbkirchdorf.de\/index.php?rest_route=%2Fwp%2Fv2%2Fmedia&parent=9"}],"curies":[{"name":"wp","href":"https:\/\/api.w.org\/{rel}","templated":true}]}}